{"id":1111,"date":"2024-09-02T21:13:06","date_gmt":"2024-09-02T19:13:06","guid":{"rendered":"https:\/\/varmevest.no\/?post_type=ambassador&#038;p=1111"},"modified":"2024-11-14T12:01:21","modified_gmt":"2024-11-14T10:01:21","slug":"ramona-jensen","status":"publish","type":"ambassador","link":"https:\/\/varmevest.no\/sv\/ambassador\/ramona-jensen\/","title":{"rendered":"Ramona Arnesen"},"content":{"rendered":"<p>Mitt namn \u00e4r Ramona. 42 \u00e5r gammal ursprungligen fr\u00e5n Senja, men bor i Vestmarka (inlandet) med man, barn och 6 fyrbenta (2 katter och 4 hundar).<br>Mitt absolut st\u00f6rsta intresse\/hobby \u00e4r hundar och jakt. Jakten har faktiskt g\u00e5tt fr\u00e5n en hobby till en passion eller livsstil. Vi har 3 f\u00f6rare och 1 alpin dachsbracke och jagar mest med hundar.<br>Jagar i stort sett allt sm\u00e5vilt - r\u00e5djur, kronhjort, \u00e4lg och vildsvin.<br>P\u00e5 g\u00e5rden skjuter vi ocks\u00e5 cirka 10 r\u00e4var varje vinter f\u00f6r viltv\u00e5rd.<br><br>Om du vill f\u00f6lja mig och min \"jaktresa\" p\u00e5 Instagram, g\u00e5 till <a href=\"https:\/\/www.instagram.com\/jaktfruen\">www.instagram.com\/jaktfruen<\/a><br>H\u00e4r delar jag mest med mig av jakt- och hundbilder.<br>Driver ocks\u00e5 Klanderudlias kennel. Den kan f\u00f6ljas p\u00e5 <a href=\"https:\/\/www.instagtam.com\/klanderudlia_kennel\">www.instagtam.com\/klanderudlia_kennel<\/a><br>Avel av driver och ADB. Parning p\u00e5 ADB \u00e4r planerad till jan\/feb 2025.<br><br>Mitt samarbete med Varmevest inleddes 2015.<br>En revolution i mina \u00f6gon, vilket \u00e4r fryspinne delux!<br>Jag har alla produkter fr\u00e5n Varmevest.no Supern\u00f6jd med alla produkter, men sj\u00e4lvklart har jag mina favoriter!<\/p><ul class=\"wp-block-list\"><li><a href=\"\/sv\/produkt\/varmevest\/\">Uppv\u00e4rmningsv\u00e4star<\/a> Jag g\u00e5r aldrig p\u00e5 jakt utan den! Den \u00e4r helt underbar p\u00e5 post, oavsett om det \u00e4r drivjakt, smygjakt eller \u00e5teljakt. Men ocks\u00e5 p\u00e5 kalla h\u00f6stdagar p\u00e5 en fotbollsmatch med min lilla flicka eller runt l\u00e4gerelden (alla \u00e5rstider).<\/li>\n\n<li>Rekommendera <a href=\"\/sv\/produkt\/ekstrem-batteri\/\">extremt batteri<\/a> i v\u00e4ster, vilket ger v\u00e4rme i upp till 24 timmar.<\/li>\n\n<li><a href=\"\/sv\/produkt\/varmesaler\/\">Uppv\u00e4rmning av sulor<\/a> Det har jag alltid i mina jaktk\u00e4ngor. De \u00e4r sk\u00f6na att ha p\u00e5 sig och helt underbara n\u00e4r f\u00f6tterna \u00e4r kalla. Styrs med en liten fj\u00e4rrkontroll, vilket g\u00f6r dem l\u00e4tta att anv\u00e4nda.<\/li>\n\n<li><a href=\"\/sv\/produkt\/varmesokker\/\">Uppv\u00e4rmning av strumpor<\/a> Jag anv\u00e4nder den ocks\u00e5 mitt i vintern. Helt briljant!<\/li>\n\n<li><a href=\"\/sv\/produkt\/handmuffe\/\">V\u00e4rmemuffel<\/a> \u00e4r ocks\u00e5 en favorit! B\u00e5de f\u00f6r drivjakt och smygjakt\/betning.<\/li><\/ul>","protected":false},"excerpt":{"rendered":"<p>Mitt samarbete med Varmevest startade 2015. En revolution f\u00f6r min del, vilket \u00e4r fryspinne delux! Jag har alla Varmevests produkter. Supern\u00f6jd med alla produkter, men sj\u00e4lvklart har jag mina favoriter!<\/p>","protected":false},"featured_media":1112,"template":"","class_list":["post-1111","ambassador","type-ambassador","status-publish","has-post-thumbnail","hentry"],"acf":[],"publishpress_future_workflow_manual_trigger":{"enabledWorkflows":[]},"_links":{"self":[{"href":"https:\/\/varmevest.no\/sv\/wp-json\/wp\/v2\/ambassador\/1111"}],"collection":[{"href":"https:\/\/varmevest.no\/sv\/wp-json\/wp\/v2\/ambassador"}],"about":[{"href":"https:\/\/varmevest.no\/sv\/wp-json\/wp\/v2\/types\/ambassador"}],"wp:featuredmedia":[{"embeddable":true,"href":"https:\/\/varmevest.no\/sv\/wp-json\/wp\/v2\/media\/1112"}],"wp:attachment":[{"href":"https:\/\/varmevest.no\/sv\/wp-json\/wp\/v2\/media?parent=1111"}],"curies":[{"name":"wp","href":"https:\/\/api.w.org\/{rel}","templated":true}]}}